{"id":2053,"date":"2024-01-15T16:27:58","date_gmt":"2024-01-15T15:27:58","guid":{"rendered":"https:\/\/www.ausolan.com\/?page_id=2053"},"modified":"2024-04-10T09:17:36","modified_gmt":"2024-04-10T07:17:36","slug":"politica-de-privacitat","status":"publish","type":"page","link":"https:\/\/www.ausolan.com\/ca\/politica-de-privacitat\/","title":{"rendered":"Pol\u00edtica de privacitat"},"content":{"rendered":"\n<p>AUZO LAGUN, S.COOP (d\u2019ara endavant, \u00abAUSOLAN\u00bb) \u00e9s una cooperativa amb domicili a l\u2019avinguda Uribarri, 35, 20500, Arrasate-Mondrag\u00f3n (Guip\u00fascoa), C.I.F. F-20032553 i inscrita al Registre de Cooperatives d\u2019Euskadi, Foli 23, Seient 4, N\u00famero 1361.<\/p>\n\n\n\n<h2 class=\"wp-block-heading has-medium-font-size\">1. <strong>Objecte<\/strong><\/h2>\n\n\n\n<p>Quan es fa \u00fas del Lloc Web o es mant\u00e9 una comunicaci\u00f3 electr\u00f2nica a AUSOLAN, es poden recollir i tractar les dades personals dels usuaris. El tractament d\u2019aquestes dades es regeix per aquesta Pol\u00edtica de privacitat. Les condiciones establertes en aquesta Pol\u00edtica de privacitat tenen el significat que s\u2019estableix a les Condicions d\u2019\u00fas (que es poden consultar en aquest enlla\u00e7), tret que estiguin expressament definides en aquesta Pol\u00edtica de privacitat.<\/p>\n\n\n\n<p>Aquest document cont\u00e9 informaci\u00f3 del vostre inter\u00e8s en relaci\u00f3 amb la manera en qu\u00e8 AUSOLAN tracta les vostres dades personals i els drets que teniu en virtut de la normativa vigent en mat\u00e8ria de protecci\u00f3 de dades.<\/p>\n\n\n\n<h2 class=\"wp-block-heading has-medium-font-size\"><strong>2<\/strong>. <strong>Responsable del tractament<\/strong><\/h2>\n\n\n\n<p>El responsable del tractament de les dades personals que l\u2019Usuari facilita a trav\u00e9s del Lloc Web \u00e9s AUSOLAN, amb domicili social a aquest efecte a l\u2019avinguda Uribarri, 35, 20500, Arrasate-Mondrag\u00f3n (Espanya). L\u2019Usuari pot contactar amb el delegat de protecci\u00f3 de dades d\u2019AUSOLAN a trav\u00e9s dels canals seg\u00fcents:<\/p>\n\n\n\n<ul class=\"wp-block-list\">\n<li>Presencialment o mitjan\u00e7ant una comunicaci\u00f3 per correu postal adre\u00e7ada a la seu central (al domicili indicat anteriorment).<\/li>\n\n\n\n<li>A l\u2019adre\u00e7a electr\u00f2nica:&nbsp;<a href=\"mailto:lopd@ausolan.com\">lopd@ausolan.com<\/a>.<\/li>\n<\/ul>\n\n\n\n<h2 class=\"wp-block-heading has-medium-font-size\">3. <strong>Dades recopilades<\/strong><\/h2>\n\n\n\n<p>A continuaci\u00f3 detallem els tipus de dades personals que recollim i tractem dels Usuaris que visiten el Lloc Web:<\/p>\n\n\n\n<ol class=\"wp-block-list\" start=\"1\" style=\"list-style-type:lower-alpha\">\n<li>Adre\u00e7a IP, galetes i similars. L\u2019adre\u00e7a IP \u00e9s un codi que identifica la connexi\u00f3 a internet de l\u2019Usuari en un moment concret. Les galetes s\u00f3n fitxers que es descarreguen al navegador de l\u2019Usuari i que, posteriorment, el Lloc Web pot llegir.<\/li>\n<\/ol>\n\n\n\n<p>No obstant aix\u00f2, no es pot identificar l\u2019Usuari amb aquestes dades, tret que l\u2019Usuari proporcion\u00e9s informaci\u00f3 addicional a trav\u00e9s d\u2019altres mitjans. Trobareu m\u00e9s informaci\u00f3 a la Pol\u00edtica de galetes.<\/p>\n\n\n\n<ol class=\"wp-block-list\" start=\"2\" style=\"list-style-type:lower-alpha\">\n<li>Subscripci\u00f3 als butlletins de not\u00edcies o publicacions. Les dades recollides s\u00f3n les dades d\u2019identificaci\u00f3 necess\u00e0ries per fer-vos arribar el contingut subscrit.<\/li>\n\n\n\n<li>Inscripci\u00f3 de candidats a un lloc de treball. Les dades recopilades s\u00f3n les dades d\u2019identificaci\u00f3 necess\u00e0ries per al proc\u00e9s de selecci\u00f3 i contractaci\u00f3.<\/li>\n<\/ol>\n\n\n\n<h2 class=\"wp-block-heading has-medium-font-size\">4. <strong>Finalitats del tractament<\/strong><\/h2>\n\n\n\n<p>Us informem que les dades que ens faciliteu per qualsevol mitj\u00e0 (p\u00e0gina web, correu electr\u00f2nic, formularis o qualsevol altre document) seran incorporades a un fitxer titularitat d\u2019AUSOLAN.<\/p>\n\n\n\n<p>AUSOLAN tracta la informaci\u00f3 proporcionada per les persones interessades amb les finalitats seg\u00fcents:<\/p>\n\n\n\n<ul class=\"wp-block-list\">\n<li><strong>Gestionar qualsevol tipus de sol\u00b7licitud, suggeriment o petici\u00f3<\/strong> de les persones interessades sobre els nostres serveis professionals.<\/li>\n\n\n\n<li><strong>Prestaci\u00f3 de serveis<\/strong>: les dades que es faciliten durant el registre amb les dades a trav\u00e9s de qualsevol dels llocs web i plataformes vinculats a AUSOLAN, o b\u00e9 a trav\u00e9s de qualsevol formulari d\u2019alta com a comensal, es tractaran amb la finalitat de prestar el servei sol\u00b7licitat i, quan escaigui, emetre la facturaci\u00f3. Les dades recollides i tractades s\u00f3n les exclusivament necess\u00e0ries per a la identificaci\u00f3 de l\u2019Usuari en els nostres sistemes.<\/li>\n\n\n\n<li><strong>Comunicacions comercials<\/strong>: tractament de les vostres dades amb la voluntat d\u2019informar-vos per correu electr\u00f2nic sobre activitats, articles d\u2019inter\u00e8s i informaci\u00f3 general sobre els nostres serveis. Les persones interessades poden donar-se de baixa d\u2019aquestes comunicacions enviant un correu a l\u2019adre\u00e7a: <a href=\"mailto:ausolan@ausolan.com\">ausolan@ausolan.com<\/a>.<\/li>\n\n\n\n<li>Gestionar les dades aportades pels candidats a un lloc de treball amb el seu CV a trav\u00e9s del formulari de la secci\u00f3 \u00abTreballa amb nosaltres\u00bb amb l\u2019objectiu de facilitar el proc\u00e9s de selecci\u00f3 i contractaci\u00f3. Autoritzeu expressament AUSOLAN al tractament de les vostres dades amb la finalitat indicada. AUSOLAN tractar\u00e0 les vostres dades i la informaci\u00f3 aportada per als processos de selecci\u00f3 amb m\u00e0xima confidencialitat, adoptant les mesures t\u00e8cniques i organitzatives necess\u00e0ries per evitar la p\u00e8rdua, el mal \u00fas, l\u2019alteraci\u00f3 o l\u2019acc\u00e9s no autoritzat. A m\u00e9s, us informem que AUSOLAN pot conservar el vostre CV durant un m\u00e0xim d\u2019un any. Despr\u00e9s, es destruir\u00e0 autom\u00e0ticament en compliment del principi de qualitat de la dada.<\/li>\n<\/ul>\n\n\n\n<h2 class=\"wp-block-heading has-medium-font-size\">5. <strong>Legitimaci\u00f3 i conservaci\u00f3<\/strong><\/h2>\n\n\n\n<p>La legitimaci\u00f3 per al tractament de l\u2019adre\u00e7a IP \u00e9s necess\u00e0ria per permetre la connexi\u00f3 amb el Lloc Web a trav\u00e9s d\u2019internet, i l\u2019inter\u00e8s leg\u00edtim d\u2019AUSOLAN \u00e9s mantenir la relaci\u00f3 existent amb l\u2019Usuari i l\u2019enviament d\u2019informaci\u00f3 d\u2019activitats de la societat. La base jur\u00eddica en qu\u00e8 es fonamenta aquest tractament \u00e9s la relaci\u00f3 contractual o l\u2019oferta de serveis pr\u00f2piament dita, aix\u00ed com l\u2019inter\u00e8s leg\u00edtim per al m\u00e0rqueting.<\/p>\n\n\n\n<p>La base legal per al tractament de les dades \u00e9s el consentiment de les persones interessades per a la tramitaci\u00f3 i la gesti\u00f3 de qualsevol sol\u00b7licitud d\u2019informaci\u00f3 o consulta sobre els nostres serveis professionals, aix\u00ed com per a l\u2019enviament de comunicacions comercials per part d\u2019AUSOLAN.<\/p>\n\n\n\n<p>AUSOLAN recollir\u00e0 i tractar\u00e0 les dades mentre la relaci\u00f3 segueixi vigent, sempre que l\u2019Usuari no hagi revocat el consentiment per al tractament de les seves dades. En tot cas, quan les dades personals deixin de ser necess\u00e0ries per a la finalitat per a la qual es van recollir i hi hagi responsabilitats legals o contractuals que exigeixin la seva conservaci\u00f3, es conservaran de manera bloquejada fins que se\u2019n faci la cancel\u00b7laci\u00f3 definitiva.<\/p>\n\n\n\n<p>En el tractament de les dades per a l\u2019enviament de comunicacions, aquestes dades es poden conservar mentre l\u2019Usuari no s\u2019oposi a rebre aquestes comunicacions per qualsevol dels mitjans que t\u00e9 a la seva disposici\u00f3.<\/p>\n\n\n\n<h2 class=\"wp-block-heading has-medium-font-size\">6. <strong>Comunicaci\u00f3 i transfer\u00e8ncia de dades<\/strong><\/h2>\n\n\n\n<p>AUSOLAN no comunicar\u00e0 aquestes dades cap tercer, excepte quan sigui estrictament necessari per gestionar i mantenir la relaci\u00f3 amb AUSOLAN, o pr\u00e8via autoritzaci\u00f3 per part vostra. En particular, nom\u00e9s tenen acc\u00e9s a les dades personals els tercers amb qui AUSOLAN estigui contractual o legalment obligada. No tenen la consideraci\u00f3 de tercers les empreses ni les entitats pertanyents al Grup AUSOLAN, en els termes assenyalats a l\u2019article 42 del Codi de comer\u00e7.<\/p>\n\n\n\n<p>Tampoc no estan previstes transfer\u00e8ncies de dades personals fora d\u2019Espanya o d\u2019Europa per al seu tractament. Pot haver-hi comunicacions de dades a les administracions p\u00fabliques en compliment de les obligacions legals de cada tractament.<\/p>\n\n\n\n<h2 class=\"wp-block-heading has-medium-font-size\">7. <strong>Drets<\/strong><\/h2>\n\n\n\n<p>Els Usuaris tenen dret a exercir, en qualsevol moment i en les condicions establertes per la legislaci\u00f3 vigent, els seus drets d\u2019acc\u00e9s, rectificaci\u00f3 o supressi\u00f3 de les dades, a sol\u00b7licitar la limitaci\u00f3 del tractament, oposar-s\u2019hi, sol\u00b7licitar la portabilitat de les dades i revocar el consentiment prestat. Per fer-ho s\u2019ha d\u2019enviar una comunicaci\u00f3 escrita a l\u2019adre\u00e7a indicada a l\u2019inici d\u2019aquest document o l\u2019adre\u00e7a electr\u00f2nica&nbsp;<a href=\"mailto:lopd@ausolan.com\">lopd@ausolan.com<\/a>, indicant clarament el dret que vol exercir i adjuntant-hi una c\u00f2pia del document nacional d\u2019identitat o document identificatiu similar que acrediti la seva identitat. Tamb\u00e9 pot presentar una reclamaci\u00f3 davant de l\u2019Ag\u00e8ncia Espanyola de Protecci\u00f3 de Dades o autoritat de protecci\u00f3 de dades competent.<\/p>\n\n\n\n<p>Si l\u2019Usuari proporciona dades de car\u00e0cter personal de tercers, l\u2019Usuari garanteix que els ha informat, amb car\u00e0cter previ a la seva inclusi\u00f3, dels aspectes continguts en aquesta Pol\u00edtica de privacitat, responent personalment davant d\u2019AUSOLAN de qualsevol dany i perjudici que puguin derivar-se en cas de contravenci\u00f3.<\/p>\n\n\n\n<p>L\u2019Usuari es compromet a notificar qualsevol canvi o modificaci\u00f3 de les dades personals facilitades. \u00c9s responsabilitat \u00fanica i exclusiva de l\u2019Usuari qualsevol p\u00e8rdua o dany causat al Lloc Web, a AUSOLAN o a qualsevol tercer a trav\u00e9s de la comunicaci\u00f3 d\u2019informaci\u00f3 err\u00f2nia, inexacta o incompleta.<\/p>\n\n\n\n<h2 class=\"wp-block-heading has-medium-font-size\">8. <strong>Actualitzaci\u00f3 de la Pol\u00edtica de privacitat<\/strong><\/h2>\n\n\n\n<p>Aquesta Pol\u00edtica de seguretat entrar\u00e0 en vigor el 21\/03\/2024. \u00c9s possible que l\u2019h\u00e0gim d\u2019actualitzar. Per aix\u00f2, us recomanem que la reviseu peri\u00f2dicament i, si \u00e9s possible, cada vegada que accediu al Lloc Web amb l\u2019objectiu d\u2019estar adequadament informat sobre el tipus d\u2019informaci\u00f3 recopilada i el seu tractament. Trobareu la Pol\u00edtica de Privacitat a la secci\u00f3 inferior del Lloc Web.<\/p>\n","protected":false},"excerpt":{"rendered":"<p>AUZO LAGUN, S.COOP (d\u2019ara endavant, \u00abAUSOLAN\u00bb) \u00e9s una cooperativa amb domicili a l\u2019avinguda Uribarri, 35, 20500, Arrasate-Mondrag\u00f3n (Guip\u00fascoa), C.I.F. F-20032553 i inscrita al Registre de Cooperatives d\u2019Euskadi, Foli 23, Seient 4, N\u00famero 1361. 1. Objecte Quan es fa \u00fas del Lloc Web o es mant\u00e9 una comunicaci\u00f3 electr\u00f2nica a AUSOLAN, es poden recollir i tractar [&hellip;]<\/p>\n","protected":false},"author":2,"featured_media":0,"parent":0,"menu_order":0,"comment_status":"closed","ping_status":"closed","template":"template-legal.php","meta":{"_acf_changed":false,"footnotes":""},"class_list":["post-2053","page","type-page","status-publish","hentry"],"acf":[],"yoast_head":"<!-- This site is optimized with the Yoast SEO plugin v24.8.1 - https:\/\/yoast.com\/wordpress\/plugins\/seo\/ -->\n<title>Pol\u00edtica de privacitat | Ausolan<\/title>\n<meta name=\"robots\" content=\"index, follow, max-snippet:-1, max-image-preview:large, max-video-preview:-1\" \/>\n<link rel=\"canonical\" href=\"https:\/\/www.ausolan.com\/ca\/politica-de-privacitat\/\" \/>\n<meta property=\"og:locale\" content=\"ca_ES\" \/>\n<meta property=\"og:type\" content=\"article\" \/>\n<meta property=\"og:title\" content=\"Pol\u00edtica de privacitat | Ausolan\" \/>\n<meta property=\"og:description\" content=\"AUZO LAGUN, S.COOP (d\u2019ara endavant, \u00abAUSOLAN\u00bb) \u00e9s una cooperativa amb domicili a l\u2019avinguda Uribarri, 35, 20500, Arrasate-Mondrag\u00f3n (Guip\u00fascoa), C.I.F. F-20032553 i inscrita al Registre de Cooperatives d\u2019Euskadi, Foli 23, Seient 4, N\u00famero 1361. 1. Objecte Quan es fa \u00fas del Lloc Web o es mant\u00e9 una comunicaci\u00f3 electr\u00f2nica a AUSOLAN, es poden recollir i tractar [&hellip;]\" \/>\n<meta property=\"og:url\" content=\"https:\/\/www.ausolan.com\/ca\/politica-de-privacitat\/\" \/>\n<meta property=\"og:site_name\" content=\"Ausolan\" \/>\n<meta property=\"article:modified_time\" content=\"2024-04-10T07:17:36+00:00\" \/>\n<meta property=\"og:image\" content=\"https:\/\/www.ausolan.com\/wp-content\/uploads\/2024\/04\/Ausolan_RRSS_Share.jpg\" \/>\n\t<meta property=\"og:image:width\" content=\"1200\" \/>\n\t<meta property=\"og:image:height\" content=\"630\" \/>\n\t<meta property=\"og:image:type\" content=\"image\/jpeg\" \/>\n<meta name=\"twitter:card\" content=\"summary_large_image\" \/>\n<meta name=\"twitter:label1\" content=\"Temps estimat de lectura\" \/>\n\t<meta name=\"twitter:data1\" content=\"6 minuts\" \/>\n<script type=\"application\/ld+json\" class=\"yoast-schema-graph\">{\"@context\":\"https:\/\/schema.org\",\"@graph\":[{\"@type\":\"WebPage\",\"@id\":\"https:\/\/www.ausolan.com\/ca\/politica-de-privacitat\/\",\"url\":\"https:\/\/www.ausolan.com\/ca\/politica-de-privacitat\/\",\"name\":\"Pol\u00edtica de privacitat | Ausolan\",\"isPartOf\":{\"@id\":\"https:\/\/www.ausolan.com\/ca\/#website\"},\"datePublished\":\"2024-01-15T15:27:58+00:00\",\"dateModified\":\"2024-04-10T07:17:36+00:00\",\"breadcrumb\":{\"@id\":\"https:\/\/www.ausolan.com\/ca\/politica-de-privacitat\/#breadcrumb\"},\"inLanguage\":\"ca\",\"potentialAction\":[{\"@type\":\"ReadAction\",\"target\":[\"https:\/\/www.ausolan.com\/ca\/politica-de-privacitat\/\"]}]},{\"@type\":\"BreadcrumbList\",\"@id\":\"https:\/\/www.ausolan.com\/ca\/politica-de-privacitat\/#breadcrumb\",\"itemListElement\":[{\"@type\":\"ListItem\",\"position\":1,\"name\":\"Portada\",\"item\":\"https:\/\/www.ausolan.com\/ca\/\"},{\"@type\":\"ListItem\",\"position\":2,\"name\":\"Pol\u00edtica de privacitat\"}]},{\"@type\":\"WebSite\",\"@id\":\"https:\/\/www.ausolan.com\/ca\/#website\",\"url\":\"https:\/\/www.ausolan.com\/ca\/\",\"name\":\"Ausolan\",\"description\":\"Restauraci\u00f3 i neteja col\u00b7lectiva\",\"potentialAction\":[{\"@type\":\"SearchAction\",\"target\":{\"@type\":\"EntryPoint\",\"urlTemplate\":\"https:\/\/www.ausolan.com\/ca\/?s={search_term_string}\"},\"query-input\":{\"@type\":\"PropertyValueSpecification\",\"valueRequired\":true,\"valueName\":\"search_term_string\"}}],\"inLanguage\":\"ca\"}]}<\/script>\n<!-- \/ Yoast SEO plugin. -->","yoast_head_json":{"title":"Pol\u00edtica de privacitat | Ausolan","robots":{"index":"index","follow":"follow","max-snippet":"max-snippet:-1","max-image-preview":"max-image-preview:large","max-video-preview":"max-video-preview:-1"},"canonical":"https:\/\/www.ausolan.com\/ca\/politica-de-privacitat\/","og_locale":"ca_ES","og_type":"article","og_title":"Pol\u00edtica de privacitat | Ausolan","og_description":"AUZO LAGUN, S.COOP (d\u2019ara endavant, \u00abAUSOLAN\u00bb) \u00e9s una cooperativa amb domicili a l\u2019avinguda Uribarri, 35, 20500, Arrasate-Mondrag\u00f3n (Guip\u00fascoa), C.I.F. F-20032553 i inscrita al Registre de Cooperatives d\u2019Euskadi, Foli 23, Seient 4, N\u00famero 1361. 1. Objecte Quan es fa \u00fas del Lloc Web o es mant\u00e9 una comunicaci\u00f3 electr\u00f2nica a AUSOLAN, es poden recollir i tractar [&hellip;]","og_url":"https:\/\/www.ausolan.com\/ca\/politica-de-privacitat\/","og_site_name":"Ausolan","article_modified_time":"2024-04-10T07:17:36+00:00","og_image":[{"width":1200,"height":630,"url":"https:\/\/www.ausolan.com\/wp-content\/uploads\/2024\/04\/Ausolan_RRSS_Share.jpg","type":"image\/jpeg"}],"twitter_card":"summary_large_image","twitter_misc":{"Temps estimat de lectura":"6 minuts"},"schema":{"@context":"https:\/\/schema.org","@graph":[{"@type":"WebPage","@id":"https:\/\/www.ausolan.com\/ca\/politica-de-privacitat\/","url":"https:\/\/www.ausolan.com\/ca\/politica-de-privacitat\/","name":"Pol\u00edtica de privacitat | Ausolan","isPartOf":{"@id":"https:\/\/www.ausolan.com\/ca\/#website"},"datePublished":"2024-01-15T15:27:58+00:00","dateModified":"2024-04-10T07:17:36+00:00","breadcrumb":{"@id":"https:\/\/www.ausolan.com\/ca\/politica-de-privacitat\/#breadcrumb"},"inLanguage":"ca","potentialAction":[{"@type":"ReadAction","target":["https:\/\/www.ausolan.com\/ca\/politica-de-privacitat\/"]}]},{"@type":"BreadcrumbList","@id":"https:\/\/www.ausolan.com\/ca\/politica-de-privacitat\/#breadcrumb","itemListElement":[{"@type":"ListItem","position":1,"name":"Portada","item":"https:\/\/www.ausolan.com\/ca\/"},{"@type":"ListItem","position":2,"name":"Pol\u00edtica de privacitat"}]},{"@type":"WebSite","@id":"https:\/\/www.ausolan.com\/ca\/#website","url":"https:\/\/www.ausolan.com\/ca\/","name":"Ausolan","description":"Restauraci\u00f3 i neteja col\u00b7lectiva","potentialAction":[{"@type":"SearchAction","target":{"@type":"EntryPoint","urlTemplate":"https:\/\/www.ausolan.com\/ca\/?s={search_term_string}"},"query-input":{"@type":"PropertyValueSpecification","valueRequired":true,"valueName":"search_term_string"}}],"inLanguage":"ca"}]}},"_links":{"self":[{"href":"https:\/\/www.ausolan.com\/ca\/wp-json\/wp\/v2\/pages\/2053","targetHints":{"allow":["GET"]}}],"collection":[{"href":"https:\/\/www.ausolan.com\/ca\/wp-json\/wp\/v2\/pages"}],"about":[{"href":"https:\/\/www.ausolan.com\/ca\/wp-json\/wp\/v2\/types\/page"}],"author":[{"embeddable":true,"href":"https:\/\/www.ausolan.com\/ca\/wp-json\/wp\/v2\/users\/2"}],"replies":[{"embeddable":true,"href":"https:\/\/www.ausolan.com\/ca\/wp-json\/wp\/v2\/comments?post=2053"}],"version-history":[{"count":0,"href":"https:\/\/www.ausolan.com\/ca\/wp-json\/wp\/v2\/pages\/2053\/revisions"}],"wp:attachment":[{"href":"https:\/\/www.ausolan.com\/ca\/wp-json\/wp\/v2\/media?parent=2053"}],"curies":[{"name":"wp","href":"https:\/\/api.w.org\/{rel}","templated":true}]}}