{"id":1714,"date":"2024-03-13T17:13:33","date_gmt":"2024-03-13T16:13:33","guid":{"rendered":"https:\/\/www.ausolan.com\/?page_id=1714"},"modified":"2024-04-10T09:01:02","modified_gmt":"2024-04-10T07:01:02","slug":"politica-integral","status":"publish","type":"page","link":"https:\/\/www.ausolan.com\/ca\/politica-integral\/","title":{"rendered":"Pol\u00edtica integral"},"content":{"rendered":"\n<p><strong>AUSOLAN, som un grup empresarial d&#8217;origen cooperatiu que forma part de MONDRAGON<br>Corporaci\u00f3<\/strong>. Expert en la gesti\u00f3 de serveis de restauraci\u00f3, neteja i auxiliars que aporten valor als seus clients, construint amb ells relacions duradores basades en la confian\u00e7a que genera la nostra professionalitat i el compliment dels compromisos adquirits. Ens inspirem en els principis b\u00e0sics cooperatius i en el comprom\u00eds de les persones i basem els nostres <strong>valors<\/strong> en:<\/p>\n\n\n\n<ol class=\"wp-block-list\">\n<li><strong>L&#8217;Honestedat: <\/strong>A Ausolan complim el que diem, i ho fem cada dia; per aix\u00f2 forgem relacions duradores basades en la confian\u00e7a.<\/li>\n\n\n\n<li><strong>El comprom\u00eds: <\/strong>Les persones d\u2019Ausolan som conscients de la import\u00e0ncia que t\u00e9 el compliment del nostre treball en el termini establert. Afrontem aquest treball amb professionalitat, responsabilitat i implicaci\u00f3, posant el major esfor\u00e7 per a aconseguir un resultat de qualitat, que satisfaci i superi expectatives.<\/li>\n\n\n\n<li><strong>La Cooperaci\u00f3:<\/strong> A Ausolan treballem en equip, liderem i coordinem els nostres esfor\u00e7os per a impulsar el treball en com\u00fa i la consecuci\u00f3 dels objectius compartits.<\/li>\n\n\n\n<li><strong>La iniciativa:<\/strong> A Ausolan considerem que el nostre major actiu \u00e9s la iniciativa de les nostres persones i la capacitat per a generar solucions innovadores que donen resposta a les necessitats dels nostres clients.<\/li>\n<\/ol>\n\n\n\n<p>Entre els nostres eixos estrat\u00e8gics principals de funcionament hi s\u00f3n:<\/p>\n\n\n\n<ol class=\"wp-block-list\">\n<li><em>La seguretat aliment\u00e0ria:<\/em> la qualitat dels nostres productes i serveis constitueix el factor estrat\u00e8gic essencial que ens compromet a treballar satisfent les necessitats i expectatives dels nostres clients; <strong>garantint-los una alimentaci\u00f3 segura i saludable<\/strong>, motivada pel nostre <strong>comprom\u00eds amb la seguretat higienico-sanit\u00e0ria<\/strong>, a tots els nivells de l&#8217;organitzaci\u00f3, <strong>adoptant, implantant i mantenint totes les mesures establertes en els plans d&#8217;autocontrol.<\/strong><\/li>\n\n\n\n<li><em>Ser una empresa saludable:<\/em> compatibilitzem la nostra activitat amb la <strong>promoci\u00f3 i protecci\u00f3 de la salut, la seguretat i el benestar dels treballadors de manera continuada, generant ambients saludables de treball;<\/strong> comprometent-nos a eliminar els perills i reduir els riscos de seguretat i salut en el treball; a trav\u00e9s de la consulta i participaci\u00f3 dels treballadors.<\/li>\n\n\n\n<li><em>La sostenibilitat: <\/em><strong>compatibilitzem la nostra activitat amb la protecci\u00f3 ambiental,<\/strong> aix\u00ed com amb el <strong>respecte al medi ambient i a la prevenci\u00f3 de la contaminaci\u00f3<\/strong>, a trav\u00e9s del control dels aspectes significatius amb una perspectiva de cicle de vida, incidint especialment en l&#8217;\u00fas racional dels recursos naturals, aix\u00ed com en la prevenci\u00f3 i el tractament adequat de residus, abocaments i emissions, duent a terme actuacions que promoguin <strong>l&#8217;economia circular<\/strong>, incloent l&#8217;adequada gesti\u00f3 d&#8217;excedents alimentaris i la inclusi\u00f3 de productes i prove\u00efdors de proximitat, potenciant l&#8217;economia local i millorant la nostra petjada ambiental.<\/li>\n\n\n\n<li><em>La inclusi\u00f3 de la diversitat i integraci\u00f3 social: <\/em><strong>respectem totes les difer\u00e8ncies individuals<\/strong> d&#8217;edat, g\u00e8nere, cultura, religi\u00f3 i origen \u00e8tnic, proporcionant una <strong>igualtat d&#8217;oportunitats d&#8217;ocupaci\u00f3<\/strong> a totes les persones sense cap mena de discriminaci\u00f3, <strong>prevalent els resultats i m\u00e8rits en el treball per sobre de qualsevol altra condici\u00f3, impulsant el desenvolupament del talent i la participaci\u00f3, respectant i promovent el dret de les persones per a la conciliaci\u00f3 familiar, creant entorns de treball que previnguin tot tipus d&#8217;assetjament<\/strong> i facilitant <strong>la integraci\u00f3 en els nostres serveis a persones amb discapacitat<\/strong>, generant, amb aix\u00f2, <strong>entorns m\u00e9s inclusius.<\/strong><\/li>\n\n\n\n<li><em>El bon govern:<\/em> hem dissenyat i posat en marxa procediments corporatius orientats a <strong>afavorir la nostra credibilitat i estabilitat, contribuint a impulsar el creixement i la generaci\u00f3 de riquesa, garantint aix\u00ed el nostre futur;<\/strong> a m\u00e9s del <strong>compliment de tot el marc regulador<\/strong> que li resulta d&#8217;aplicaci\u00f3.<\/li>\n<\/ol>\n\n\n\n<p><br>Dins del marc de la pol\u00edtica general d\u2019Ausolan establim objectius que, determinant els riscos i oportunitats com a base pr\u00e8via a qualsevol planificaci\u00f3, tenen en compte el context s\u00f2cio-empresarial, possibilitant la millora cont\u00ednua de l&#8217;acompliment de l&#8217;organitzaci\u00f3. Correspon a la Direcci\u00f3 General <strong>la realitzaci\u00f3 del desplegament del Pla Estrat\u00e8gic en Plans de Gesti\u00f3 anuals per processos que defineixen els objectius qualitatius i quantitatius en mat\u00e8ria de sistemes de gesti\u00f3.<\/strong><\/p>\n\n\n\n<p class=\"has-text-align-left\"><br>Laura Rodr\u00edguez<br>Direcci\u00f3 General<br>Mar\u00e7 2022<\/p>\n","protected":false},"excerpt":{"rendered":"<p>AUSOLAN, som un grup empresarial d&#8217;origen cooperatiu que forma part de MONDRAGONCorporaci\u00f3. Expert en la gesti\u00f3 de serveis de restauraci\u00f3, neteja i auxiliars que aporten valor als seus clients, construint amb ells relacions duradores basades en la confian\u00e7a que genera la nostra professionalitat i el compliment dels compromisos adquirits. Ens inspirem en els principis b\u00e0sics [&hellip;]<\/p>\n","protected":false},"author":2,"featured_media":0,"parent":0,"menu_order":0,"comment_status":"closed","ping_status":"closed","template":"template-legal.php","meta":{"_acf_changed":false,"footnotes":""},"class_list":["post-1714","page","type-page","status-publish","hentry"],"acf":[],"yoast_head":"<!-- This site is optimized with the Yoast SEO plugin v24.8.1 - https:\/\/yoast.com\/wordpress\/plugins\/seo\/ -->\n<title>Pol\u00edtica integral | Ausolan<\/title>\n<meta name=\"robots\" content=\"index, follow, max-snippet:-1, max-image-preview:large, max-video-preview:-1\" \/>\n<link rel=\"canonical\" href=\"https:\/\/www.ausolan.com\/ca\/politica-integral\/\" \/>\n<meta property=\"og:locale\" content=\"ca_ES\" \/>\n<meta property=\"og:type\" content=\"article\" \/>\n<meta property=\"og:title\" content=\"Pol\u00edtica integral | Ausolan\" \/>\n<meta property=\"og:description\" content=\"AUSOLAN, som un grup empresarial d&#8217;origen cooperatiu que forma part de MONDRAGONCorporaci\u00f3. Expert en la gesti\u00f3 de serveis de restauraci\u00f3, neteja i auxiliars que aporten valor als seus clients, construint amb ells relacions duradores basades en la confian\u00e7a que genera la nostra professionalitat i el compliment dels compromisos adquirits. Ens inspirem en els principis b\u00e0sics [&hellip;]\" \/>\n<meta property=\"og:url\" content=\"https:\/\/www.ausolan.com\/ca\/politica-integral\/\" \/>\n<meta property=\"og:site_name\" content=\"Ausolan\" \/>\n<meta property=\"article:modified_time\" content=\"2024-04-10T07:01:02+00:00\" \/>\n<meta property=\"og:image\" content=\"https:\/\/www.ausolan.com\/wp-content\/uploads\/2024\/04\/Ausolan_RRSS_Share.jpg\" \/>\n\t<meta property=\"og:image:width\" content=\"1200\" \/>\n\t<meta property=\"og:image:height\" content=\"630\" \/>\n\t<meta property=\"og:image:type\" content=\"image\/jpeg\" \/>\n<meta name=\"twitter:card\" content=\"summary_large_image\" \/>\n<meta name=\"twitter:label1\" content=\"Temps estimat de lectura\" \/>\n\t<meta name=\"twitter:data1\" content=\"3 minuts\" \/>\n<script type=\"application\/ld+json\" class=\"yoast-schema-graph\">{\"@context\":\"https:\/\/schema.org\",\"@graph\":[{\"@type\":\"WebPage\",\"@id\":\"https:\/\/www.ausolan.com\/ca\/politica-integral\/\",\"url\":\"https:\/\/www.ausolan.com\/ca\/politica-integral\/\",\"name\":\"Pol\u00edtica integral | Ausolan\",\"isPartOf\":{\"@id\":\"https:\/\/www.ausolan.com\/ca\/#website\"},\"datePublished\":\"2024-03-13T16:13:33+00:00\",\"dateModified\":\"2024-04-10T07:01:02+00:00\",\"breadcrumb\":{\"@id\":\"https:\/\/www.ausolan.com\/ca\/politica-integral\/#breadcrumb\"},\"inLanguage\":\"ca\",\"potentialAction\":[{\"@type\":\"ReadAction\",\"target\":[\"https:\/\/www.ausolan.com\/ca\/politica-integral\/\"]}]},{\"@type\":\"BreadcrumbList\",\"@id\":\"https:\/\/www.ausolan.com\/ca\/politica-integral\/#breadcrumb\",\"itemListElement\":[{\"@type\":\"ListItem\",\"position\":1,\"name\":\"Portada\",\"item\":\"https:\/\/www.ausolan.com\/ca\/\"},{\"@type\":\"ListItem\",\"position\":2,\"name\":\"Pol\u00edtica integral\"}]},{\"@type\":\"WebSite\",\"@id\":\"https:\/\/www.ausolan.com\/ca\/#website\",\"url\":\"https:\/\/www.ausolan.com\/ca\/\",\"name\":\"Ausolan\",\"description\":\"Restauraci\u00f3 i neteja col\u00b7lectiva\",\"potentialAction\":[{\"@type\":\"SearchAction\",\"target\":{\"@type\":\"EntryPoint\",\"urlTemplate\":\"https:\/\/www.ausolan.com\/ca\/?s={search_term_string}\"},\"query-input\":{\"@type\":\"PropertyValueSpecification\",\"valueRequired\":true,\"valueName\":\"search_term_string\"}}],\"inLanguage\":\"ca\"}]}<\/script>\n<!-- \/ Yoast SEO plugin. -->","yoast_head_json":{"title":"Pol\u00edtica integral | Ausolan","robots":{"index":"index","follow":"follow","max-snippet":"max-snippet:-1","max-image-preview":"max-image-preview:large","max-video-preview":"max-video-preview:-1"},"canonical":"https:\/\/www.ausolan.com\/ca\/politica-integral\/","og_locale":"ca_ES","og_type":"article","og_title":"Pol\u00edtica integral | Ausolan","og_description":"AUSOLAN, som un grup empresarial d&#8217;origen cooperatiu que forma part de MONDRAGONCorporaci\u00f3. Expert en la gesti\u00f3 de serveis de restauraci\u00f3, neteja i auxiliars que aporten valor als seus clients, construint amb ells relacions duradores basades en la confian\u00e7a que genera la nostra professionalitat i el compliment dels compromisos adquirits. Ens inspirem en els principis b\u00e0sics [&hellip;]","og_url":"https:\/\/www.ausolan.com\/ca\/politica-integral\/","og_site_name":"Ausolan","article_modified_time":"2024-04-10T07:01:02+00:00","og_image":[{"width":1200,"height":630,"url":"https:\/\/www.ausolan.com\/wp-content\/uploads\/2024\/04\/Ausolan_RRSS_Share.jpg","type":"image\/jpeg"}],"twitter_card":"summary_large_image","twitter_misc":{"Temps estimat de lectura":"3 minuts"},"schema":{"@context":"https:\/\/schema.org","@graph":[{"@type":"WebPage","@id":"https:\/\/www.ausolan.com\/ca\/politica-integral\/","url":"https:\/\/www.ausolan.com\/ca\/politica-integral\/","name":"Pol\u00edtica integral | Ausolan","isPartOf":{"@id":"https:\/\/www.ausolan.com\/ca\/#website"},"datePublished":"2024-03-13T16:13:33+00:00","dateModified":"2024-04-10T07:01:02+00:00","breadcrumb":{"@id":"https:\/\/www.ausolan.com\/ca\/politica-integral\/#breadcrumb"},"inLanguage":"ca","potentialAction":[{"@type":"ReadAction","target":["https:\/\/www.ausolan.com\/ca\/politica-integral\/"]}]},{"@type":"BreadcrumbList","@id":"https:\/\/www.ausolan.com\/ca\/politica-integral\/#breadcrumb","itemListElement":[{"@type":"ListItem","position":1,"name":"Portada","item":"https:\/\/www.ausolan.com\/ca\/"},{"@type":"ListItem","position":2,"name":"Pol\u00edtica integral"}]},{"@type":"WebSite","@id":"https:\/\/www.ausolan.com\/ca\/#website","url":"https:\/\/www.ausolan.com\/ca\/","name":"Ausolan","description":"Restauraci\u00f3 i neteja col\u00b7lectiva","potentialAction":[{"@type":"SearchAction","target":{"@type":"EntryPoint","urlTemplate":"https:\/\/www.ausolan.com\/ca\/?s={search_term_string}"},"query-input":{"@type":"PropertyValueSpecification","valueRequired":true,"valueName":"search_term_string"}}],"inLanguage":"ca"}]}},"_links":{"self":[{"href":"https:\/\/www.ausolan.com\/ca\/wp-json\/wp\/v2\/pages\/1714","targetHints":{"allow":["GET"]}}],"collection":[{"href":"https:\/\/www.ausolan.com\/ca\/wp-json\/wp\/v2\/pages"}],"about":[{"href":"https:\/\/www.ausolan.com\/ca\/wp-json\/wp\/v2\/types\/page"}],"author":[{"embeddable":true,"href":"https:\/\/www.ausolan.com\/ca\/wp-json\/wp\/v2\/users\/2"}],"replies":[{"embeddable":true,"href":"https:\/\/www.ausolan.com\/ca\/wp-json\/wp\/v2\/comments?post=1714"}],"version-history":[{"count":0,"href":"https:\/\/www.ausolan.com\/ca\/wp-json\/wp\/v2\/pages\/1714\/revisions"}],"wp:attachment":[{"href":"https:\/\/www.ausolan.com\/ca\/wp-json\/wp\/v2\/media?parent=1714"}],"curies":[{"name":"wp","href":"https:\/\/api.w.org\/{rel}","templated":true}]}}